{"version":"1.0","provider_name":"Association pour la Recherche sur les S\u00e9quelles de la Radioth\u00e9rapie","provider_url":"https:\/\/resra.bruet.com\/fr","author_name":"Jean-Bernard","author_url":"https:\/\/resra.bruet.com\/fr\/author\/froidure-jean-bernard\/","title":"Lymph\u0153d\u00e8me et plexite brachiale - Association pour la Recherche sur les S\u00e9quelles de la Radioth\u00e9rapie","type":"rich","width":600,"height":338,"html":"<blockquote class=\"wp-embedded-content\" data-secret=\"5UJfyI9B7E\"><a href=\"https:\/\/resra.bruet.com\/fr\/temoignage-lymphoedeme-et-une-plexite-brachiale\/\">Lymph\u0153d\u00e8me et plexite brachiale<\/a><\/blockquote><iframe sandbox=\"allow-scripts\" security=\"restricted\" src=\"https:\/\/resra.bruet.com\/fr\/temoignage-lymphoedeme-et-une-plexite-brachiale\/embed\/#?secret=5UJfyI9B7E\" width=\"600\" height=\"338\" title=\"\u00ab\u00a0Lymph\u0153d\u00e8me et plexite brachiale\u00a0\u00bb &#8212; Association pour la Recherche sur les S\u00e9quelles de la Radioth\u00e9rapie\" data-secret=\"5UJfyI9B7E\" frameborder=\"0\" marginwidth=\"0\" marginheight=\"0\" scrolling=\"no\" class=\"wp-embedded-content\"><\/iframe><script>\n\/*! This file is auto-generated *\/\n!function(d,l){\"use strict\";l.querySelector&&d.addEventListener&&\"undefined\"!=typeof URL&&(d.wp=d.wp||{},d.wp.receiveEmbedMessage||(d.wp.receiveEmbedMessage=function(e){var t=e.data;if((t||t.secret||t.message||t.value)&&!\/[^a-zA-Z0-9]\/.test(t.secret)){for(var s,r,n,a=l.querySelectorAll('iframe[data-secret=\"'+t.secret+'\"]'),o=l.querySelectorAll('blockquote[data-secret=\"'+t.secret+'\"]'),c=new RegExp(\"^https?:$\",\"i\"),i=0;i<o.length;i++)o[i].style.display=\"none\";for(i=0;i<a.length;i++)s=a[i],e.source===s.contentWindow&&(s.removeAttribute(\"style\"),\"height\"===t.message?(1e3<(r=parseInt(t.value,10))?r=1e3:~~r<200&&(r=200),s.height=r):\"link\"===t.message&&(r=new URL(s.getAttribute(\"src\")),n=new URL(t.value),c.test(n.protocol))&&n.host===r.host&&l.activeElement===s&&(d.top.location.href=t.value))}},d.addEventListener(\"message\",d.wp.receiveEmbedMessage,!1),l.addEventListener(\"DOMContentLoaded\",function(){for(var e,t,s=l.querySelectorAll(\"iframe.wp-embedded-content\"),r=0;r<s.length;r++)(t=(e=s[r]).getAttribute(\"data-secret\"))||(t=Math.random().toString(36).substring(2,12),e.src+=\"#?secret=\"+t,e.setAttribute(\"data-secret\",t)),e.contentWindow.postMessage({message:\"ready\",secret:t},\"*\")},!1)))}(window,document);\n\/\/# sourceURL=https:\/\/resra.bruet.com\/wp-includes\/js\/wp-embed.min.js\n<\/script>\n","description":"L\u2019histoire de ma maladie et de son \u00e9volution n\u2019est pas uniquement m\u00e9dicale, elle s\u2019est aussi nourrie des aspects professionnels et personnels de ma vie pendant 50 ans, avec une volont\u00e9 de continuer \u00e0 vivre en relativisant mes probl\u00e8mes m\u00e9dicaux. C\u2019\u00e9tait au printemps 1971, j\u2019avais 33 ans et mis au monde 4 enfants, mes journ\u00e9es \u00e9taient &hellip; Continuer la lecture de &laquo;&nbsp;&nbsp;&raquo;"}