{"version":"1.0","provider_name":"Association pour la Recherche sur les S\u00e9quelles de la Radioth\u00e9rapie","provider_url":"https:\/\/resra.bruet.com\/fr","author_name":"Jean V.","author_url":"https:\/\/resra.bruet.com\/fr\/author\/m-valle-jean\/","title":"Plexite du membre sup\u00e9rieur - Association pour la Recherche sur les S\u00e9quelles de la Radioth\u00e9rapie","type":"rich","width":600,"height":338,"html":"<blockquote class=\"wp-embedded-content\" data-secret=\"BYRSnt0ClC\"><a href=\"https:\/\/resra.bruet.com\/fr\/forum-arser\/Sujet\/plexite-du-membre-superieur\/\">Plexite du membre sup\u00e9rieur<\/a><\/blockquote><iframe sandbox=\"allow-scripts\" security=\"restricted\" src=\"https:\/\/resra.bruet.com\/fr\/forum-arser\/Sujet\/plexite-du-membre-superieur\/embed\/#?secret=BYRSnt0ClC\" width=\"600\" height=\"338\" title=\"\u00ab\u00a0Plexite du membre sup\u00e9rieur\u00a0\u00bb &#8212; Association pour la Recherche sur les S\u00e9quelles de la Radioth\u00e9rapie\" data-secret=\"BYRSnt0ClC\" frameborder=\"0\" marginwidth=\"0\" marginheight=\"0\" scrolling=\"no\" class=\"wp-embedded-content\"><\/iframe><script>\n\/*! This file is auto-generated *\/\n!function(d,l){\"use strict\";l.querySelector&&d.addEventListener&&\"undefined\"!=typeof URL&&(d.wp=d.wp||{},d.wp.receiveEmbedMessage||(d.wp.receiveEmbedMessage=function(e){var t=e.data;if((t||t.secret||t.message||t.value)&&!\/[^a-zA-Z0-9]\/.test(t.secret)){for(var s,r,n,a=l.querySelectorAll('iframe[data-secret=\"'+t.secret+'\"]'),o=l.querySelectorAll('blockquote[data-secret=\"'+t.secret+'\"]'),c=new RegExp(\"^https?:$\",\"i\"),i=0;i<o.length;i++)o[i].style.display=\"none\";for(i=0;i<a.length;i++)s=a[i],e.source===s.contentWindow&&(s.removeAttribute(\"style\"),\"height\"===t.message?(1e3<(r=parseInt(t.value,10))?r=1e3:~~r<200&&(r=200),s.height=r):\"link\"===t.message&&(r=new URL(s.getAttribute(\"src\")),n=new URL(t.value),c.test(n.protocol))&&n.host===r.host&&l.activeElement===s&&(d.top.location.href=t.value))}},d.addEventListener(\"message\",d.wp.receiveEmbedMessage,!1),l.addEventListener(\"DOMContentLoaded\",function(){for(var e,t,s=l.querySelectorAll(\"iframe.wp-embedded-content\"),r=0;r<s.length;r++)(t=(e=s[r]).getAttribute(\"data-secret\"))||(t=Math.random().toString(36).substring(2,12),e.src+=\"#?secret=\"+t,e.setAttribute(\"data-secret\",t)),e.contentWindow.postMessage({message:\"ready\",secret:t},\"*\")},!1)))}(window,document);\n\/\/# sourceURL=https:\/\/resra.bruet.com\/wp-includes\/js\/wp-embed.min.js\n<\/script>\n","description":"Message publi\u00e9 le 24\/04\/2016 par Jean Vall\u00e9e, transf\u00e9r\u00e9 par le mod\u00e9rateur \u00e0 partir du Forum de l\u2019ancien site ARSER. C\u2019\u00e9tait en 1982. J\u2019ai eu un cancer \u00e0 la gorge gauche occasionn\u00e9 par le port d\u2019une sonde d\u2019un isotope \u00e9talon pour la m\u00e9decine nucl\u00e9aire. Apr\u00e8s une op\u00e9ration qui a permis d\u2019enlever une tumeur, j\u2019ai \u00e9t\u00e9 soign\u00e9 &hellip; Continuer la lecture de &laquo;&nbsp;&nbsp;&raquo;"}