{"version":"1.0","provider_name":"Association pour la Recherche sur les S\u00e9quelles de la Radioth\u00e9rapie","provider_url":"https:\/\/resra.bruet.com\/fr","author_name":"Jean-Michel R.","author_url":"https:\/\/resra.bruet.com\/fr\/author\/rochard-jean-michel\/","title":"Ost\u00e9oradion\u00e9crose et gu\u00e9rison - Association pour la Recherche sur les S\u00e9quelles de la Radioth\u00e9rapie","type":"rich","width":600,"height":338,"html":"<blockquote class=\"wp-embedded-content\" data-secret=\"pxcfV0Jtzg\"><a href=\"https:\/\/resra.bruet.com\/fr\/forum-arser\/Sujet\/osteoradionecrose-et-guerison\/\">Ost\u00e9oradion\u00e9crose et gu\u00e9rison<\/a><\/blockquote><iframe sandbox=\"allow-scripts\" security=\"restricted\" src=\"https:\/\/resra.bruet.com\/fr\/forum-arser\/Sujet\/osteoradionecrose-et-guerison\/embed\/#?secret=pxcfV0Jtzg\" width=\"600\" height=\"338\" title=\"\u00ab\u00a0Ost\u00e9oradion\u00e9crose et gu\u00e9rison\u00a0\u00bb &#8212; Association pour la Recherche sur les S\u00e9quelles de la Radioth\u00e9rapie\" data-secret=\"pxcfV0Jtzg\" frameborder=\"0\" marginwidth=\"0\" marginheight=\"0\" scrolling=\"no\" class=\"wp-embedded-content\"><\/iframe><script>\n\/*! This file is auto-generated *\/\n!function(d,l){\"use strict\";l.querySelector&&d.addEventListener&&\"undefined\"!=typeof URL&&(d.wp=d.wp||{},d.wp.receiveEmbedMessage||(d.wp.receiveEmbedMessage=function(e){var t=e.data;if((t||t.secret||t.message||t.value)&&!\/[^a-zA-Z0-9]\/.test(t.secret)){for(var s,r,n,a=l.querySelectorAll('iframe[data-secret=\"'+t.secret+'\"]'),o=l.querySelectorAll('blockquote[data-secret=\"'+t.secret+'\"]'),c=new RegExp(\"^https?:$\",\"i\"),i=0;i<o.length;i++)o[i].style.display=\"none\";for(i=0;i<a.length;i++)s=a[i],e.source===s.contentWindow&&(s.removeAttribute(\"style\"),\"height\"===t.message?(1e3<(r=parseInt(t.value,10))?r=1e3:~~r<200&&(r=200),s.height=r):\"link\"===t.message&&(r=new URL(s.getAttribute(\"src\")),n=new URL(t.value),c.test(n.protocol))&&n.host===r.host&&l.activeElement===s&&(d.top.location.href=t.value))}},d.addEventListener(\"message\",d.wp.receiveEmbedMessage,!1),l.addEventListener(\"DOMContentLoaded\",function(){for(var e,t,s=l.querySelectorAll(\"iframe.wp-embedded-content\"),r=0;r<s.length;r++)(t=(e=s[r]).getAttribute(\"data-secret\"))||(t=Math.random().toString(36).substring(2,12),e.src+=\"#?secret=\"+t,e.setAttribute(\"data-secret\",t)),e.contentWindow.postMessage({message:\"ready\",secret:t},\"*\")},!1)))}(window,document);\n\/\/# sourceURL=https:\/\/resra.bruet.com\/wp-includes\/js\/wp-embed.min.js\n<\/script>\n","description":"Message publi\u00e9 le 29\/09\/2016 par Jean-Michel R., transf\u00e9r\u00e9 par le mod\u00e9rateur \u00e0 partir du Forum de l&rsquo;ancien site ARSER. Membre de l\u2019ARSER, j\u2019ai t\u00e9moign\u00e9 lors de l\u2019\u00e9mission \u00abAllo Docteurs\u00bb le lundi 23 mai 2016 sur France 5, en tant que patient pr\u00e9sentant des s\u00e9quelles tardives d\u2019une radioth\u00e9rapie ORL. Le bureau de notre Association a jug\u00e9 &hellip; Continuer la lecture de &laquo;&nbsp;&nbsp;&raquo;"}