{"version":"1.0","provider_name":"Association pour la Recherche sur les S\u00e9quelles de la Radioth\u00e9rapie","provider_url":"https:\/\/resra.bruet.com\/fr","author_name":"Jean-Bernard","author_url":"https:\/\/resra.bruet.com\/fr\/author\/froidure-jean-bernard\/","title":"Manque de salive - Association pour la Recherche sur les S\u00e9quelles de la Radioth\u00e9rapie","type":"rich","width":600,"height":338,"html":"<blockquote class=\"wp-embedded-content\" data-secret=\"lvIKPNIEKv\"><a href=\"https:\/\/resra.bruet.com\/fr\/forum-arser\/Sujet\/manque-de-salive\/\">Manque de salive<\/a><\/blockquote><iframe sandbox=\"allow-scripts\" security=\"restricted\" src=\"https:\/\/resra.bruet.com\/fr\/forum-arser\/Sujet\/manque-de-salive\/embed\/#?secret=lvIKPNIEKv\" width=\"600\" height=\"338\" title=\"\u00ab\u00a0Manque de salive\u00a0\u00bb &#8212; Association pour la Recherche sur les S\u00e9quelles de la Radioth\u00e9rapie\" data-secret=\"lvIKPNIEKv\" frameborder=\"0\" marginwidth=\"0\" marginheight=\"0\" scrolling=\"no\" class=\"wp-embedded-content\"><\/iframe><script>\n\/*! This file is auto-generated *\/\n!function(d,l){\"use strict\";l.querySelector&&d.addEventListener&&\"undefined\"!=typeof URL&&(d.wp=d.wp||{},d.wp.receiveEmbedMessage||(d.wp.receiveEmbedMessage=function(e){var t=e.data;if((t||t.secret||t.message||t.value)&&!\/[^a-zA-Z0-9]\/.test(t.secret)){for(var s,r,n,a=l.querySelectorAll('iframe[data-secret=\"'+t.secret+'\"]'),o=l.querySelectorAll('blockquote[data-secret=\"'+t.secret+'\"]'),c=new RegExp(\"^https?:$\",\"i\"),i=0;i<o.length;i++)o[i].style.display=\"none\";for(i=0;i<a.length;i++)s=a[i],e.source===s.contentWindow&&(s.removeAttribute(\"style\"),\"height\"===t.message?(1e3<(r=parseInt(t.value,10))?r=1e3:~~r<200&&(r=200),s.height=r):\"link\"===t.message&&(r=new URL(s.getAttribute(\"src\")),n=new URL(t.value),c.test(n.protocol))&&n.host===r.host&&l.activeElement===s&&(d.top.location.href=t.value))}},d.addEventListener(\"message\",d.wp.receiveEmbedMessage,!1),l.addEventListener(\"DOMContentLoaded\",function(){for(var e,t,s=l.querySelectorAll(\"iframe.wp-embedded-content\"),r=0;r<s.length;r++)(t=(e=s[r]).getAttribute(\"data-secret\"))||(t=Math.random().toString(36).substring(2,12),e.src+=\"#?secret=\"+t,e.setAttribute(\"data-secret\",t)),e.contentWindow.postMessage({message:\"ready\",secret:t},\"*\")},!1)))}(window,document);\n\/\/# sourceURL=https:\/\/resra.bruet.com\/wp-includes\/js\/wp-embed.min.js\n<\/script>\n","description":"Message publi\u00e9 le 10\/03\/2014 par PM, transf\u00e9r\u00e9 par le mod\u00e9rateur \u00e0 partir du Forum de l\u2019ancien site ARSER. Le manque de salive est li\u00e9 aux rayons mais est souvent aggrav\u00e9 par les champignons (langue noire). On peut r\u00e9duire la mycose par des boissons type Vichy ou bicarbonates et en supprimant les aliments acides (orange, pamplemousse, &hellip; Continuer la lecture de &laquo;&nbsp;&nbsp;&raquo;"}