{"version":"1.0","provider_name":"Association pour la Recherche sur les S\u00e9quelles de la Radioth\u00e9rapie","provider_url":"https:\/\/resra.bruet.com\/en","author_name":"Jean-Bernard","author_url":"https:\/\/resra.bruet.com\/en\/author\/froidure-jean-bernard\/","title":"My\u00e9lite radique reconnue &quot;maladie rare&quot; - Association pour la Recherche sur les S\u00e9quelles de la Radioth\u00e9rapie","type":"rich","width":600,"height":338,"html":"<blockquote class=\"wp-embedded-content\" data-secret=\"mRJUiQ5lTd\"><a href=\"https:\/\/resra.bruet.com\/en\/forum-arser\/Sujet\/myelite-radique-reconnue-maladie-rare\/\">My\u00e9lite radique reconnue &quot;maladie rare&quot;<\/a><\/blockquote><iframe sandbox=\"allow-scripts\" security=\"restricted\" src=\"https:\/\/resra.bruet.com\/en\/forum-arser\/Sujet\/myelite-radique-reconnue-maladie-rare\/embed\/#?secret=mRJUiQ5lTd\" width=\"600\" height=\"338\" title=\"&#8220;My\u00e9lite radique reconnue &quot;maladie rare&quot;&#8221; &#8212; Association pour la Recherche sur les S\u00e9quelles de la Radioth\u00e9rapie\" data-secret=\"mRJUiQ5lTd\" frameborder=\"0\" marginwidth=\"0\" marginheight=\"0\" scrolling=\"no\" class=\"wp-embedded-content\"><\/iframe><script>\n\/*! This file is auto-generated *\/\n!function(d,l){\"use strict\";l.querySelector&&d.addEventListener&&\"undefined\"!=typeof URL&&(d.wp=d.wp||{},d.wp.receiveEmbedMessage||(d.wp.receiveEmbedMessage=function(e){var t=e.data;if((t||t.secret||t.message||t.value)&&!\/[^a-zA-Z0-9]\/.test(t.secret)){for(var s,r,n,a=l.querySelectorAll('iframe[data-secret=\"'+t.secret+'\"]'),o=l.querySelectorAll('blockquote[data-secret=\"'+t.secret+'\"]'),c=new RegExp(\"^https?:$\",\"i\"),i=0;i<o.length;i++)o[i].style.display=\"none\";for(i=0;i<a.length;i++)s=a[i],e.source===s.contentWindow&&(s.removeAttribute(\"style\"),\"height\"===t.message?(1e3<(r=parseInt(t.value,10))?r=1e3:~~r<200&&(r=200),s.height=r):\"link\"===t.message&&(r=new URL(s.getAttribute(\"src\")),n=new URL(t.value),c.test(n.protocol))&&n.host===r.host&&l.activeElement===s&&(d.top.location.href=t.value))}},d.addEventListener(\"message\",d.wp.receiveEmbedMessage,!1),l.addEventListener(\"DOMContentLoaded\",function(){for(var e,t,s=l.querySelectorAll(\"iframe.wp-embedded-content\"),r=0;r<s.length;r++)(t=(e=s[r]).getAttribute(\"data-secret\"))||(t=Math.random().toString(36).substring(2,12),e.src+=\"#?secret=\"+t,e.setAttribute(\"data-secret\",t)),e.contentWindow.postMessage({message:\"ready\",secret:t},\"*\")},!1)))}(window,document);\n\/\/# sourceURL=https:\/\/resra.bruet.com\/wp-includes\/js\/wp-embed.min.js\n<\/script>\n","description":"Le terme my\u00e9lite d\u00e9signe toute inflammation de la moelle \u00e9pini\u00e8re. La my\u00e9lite radique r\u00e9sulte d&#8217;une atteinte de la moelle \u00e9pini\u00e8re s&#8217;observant quelquefois apr\u00e8s qu&#8217;un patient ait subi un traitement par radioth\u00e9rapie. C&#8217;est le cas entre autres, en pr\u00e9sence d&#8217;un cancer du larynx, de la base de la langue, du pharynx ou d&#8217;un lymphosarcome du cou. &hellip; Continue reading \"\""}